{"id":1006,"date":"2025-06-11T14:07:42","date_gmt":"2025-06-11T12:07:42","guid":{"rendered":"https:\/\/ldl-rent.siteoffline.nl\/?post_type=realisatie&#038;p=1006"},"modified":"2025-07-10T11:09:17","modified_gmt":"2025-07-10T09:09:17","slug":"administration-commune-lave-tous-les-chiffons-en-interne","status":"publish","type":"realisatie","link":"https:\/\/ldl-rent.siteoffline.nl\/fr\/realisation\/administration-commune-lave-tous-les-chiffons-en-interne","title":{"rendered":"L\u2019administration communale lave tous les chiffons de nettoyage en interne"},"content":{"rendered":"<p>Cette administration communale lave en interne tous les chiffons de nettoyage (balais \u00e0 franges, chiffons en microfibre et torchons de cuisine) gr\u00e2ce \u00e0 cet ensemble professionnel de la marque Primus.\nLe choix s\u2019est port\u00e9 sur une machine \u00e0 laver professionnelle d\u2019une capacit\u00e9 de 10\u202fkg, accompagn\u00e9e d\u2019un s\u00e8che-linge assorti.\nAfin de rendre l\u2019installation aussi ergonomique que possible, le sens d\u2019ouverture de la porte du s\u00e8che-linge a \u00e9t\u00e9 adapt\u00e9, permettant ainsi un transfert simple et ergonomique du linge de la machine \u00e0 laver vers le s\u00e8che-linge.<\/p>","protected":false},"featured_media":1007,"template":"","class_list":["post-1006","realisatie","type-realisatie","status-publish","has-post-thumbnail","hentry"],"acf":[],"_links":{"self":[{"href":"https:\/\/ldl-rent.siteoffline.nl\/fr\/wp-json\/wp\/v2\/realisatie\/1006","targetHints":{"allow":["GET"]}}],"collection":[{"href":"https:\/\/ldl-rent.siteoffline.nl\/fr\/wp-json\/wp\/v2\/realisatie"}],"about":[{"href":"https:\/\/ldl-rent.siteoffline.nl\/fr\/wp-json\/wp\/v2\/types\/realisatie"}],"wp:featuredmedia":[{"embeddable":true,"href":"https:\/\/ldl-rent.siteoffline.nl\/fr\/wp-json\/wp\/v2\/media\/1007"}],"wp:attachment":[{"href":"https:\/\/ldl-rent.siteoffline.nl\/fr\/wp-json\/wp\/v2\/media?parent=1006"}],"curies":[{"name":"wp","href":"https:\/\/api.w.org\/{rel}","templated":true}]}}